{"id":12507,"date":"2022-05-09T13:12:22","date_gmt":"2022-05-09T11:12:22","guid":{"rendered":"https:\/\/www.efaflex.be\/careers\/"},"modified":"2025-11-07T12:24:35","modified_gmt":"2025-11-07T11:24:35","slug":"carriere","status":"publish","type":"page","link":"https:\/\/www.efaflex.be\/fr\/carriere\/","title":{"rendered":"Carri\u00e8re"},"content":{"rendered":"\r\n<script type=\"application\/javascript\">\r\n    window.addEventListener('DOMContentLoaded', function() {\r\n        jQuery(document).ready(function($){\r\n            var sliderid = \"block_15dcc13ee3dc1bf8d23ff18d8590aeea\";\r\n            $('#'+sliderid).slick({\r\n                infinite: true,\r\n                dots: false,\r\n                lazyLoad: 'ondemand',\r\n                autoplay: false,\r\n                arrows: true,\r\n                fade: true,\r\n                speed: 500,\r\n                pauseOnHover: false,\r\n                prevArrow: '<div class=\"slick-prev slick-button\"><svg xmlns=\"http:\/\/www.w3.org\/2000\/svg\" viewBox=\"0 0 448 512\"><!--! Font Awesome Pro 6.1.1 by @fontawesome - https:\/\/fontawesome.com License - https:\/\/fontawesome.com\/license (Commercial License) Copyright 2022 Fonticons, Inc. --><path d=\"M77.25 256l137.4-137.4c12.5-12.5 12.5-32.75 0-45.25s-32.75-12.5-45.25 0l-160 160c-12.5 12.5-12.5 32.75 0 45.25l160 160C175.6 444.9 183.8 448 192 448s16.38-3.125 22.62-9.375c12.5-12.5 12.5-32.75 0-45.25L77.25 256zM269.3 256l137.4-137.4c12.5-12.5 12.5-32.75 0-45.25s-32.75-12.5-45.25 0l-160 160c-12.5 12.5-12.5 32.75 0 45.25l160 160C367.6 444.9 375.8 448 384 448s16.38-3.125 22.62-9.375c12.5-12.5 12.5-32.75 0-45.25L269.3 256z\"\/><\/svg><\/div>',\r\n                nextArrow: '<div class=\"slick-next slick-button\"><svg xmlns=\"http:\/\/www.w3.org\/2000\/svg\" viewBox=\"0 0 448 512\"><!--! Font Awesome Pro 6.1.1 by @fontawesome - https:\/\/fontawesome.com License - https:\/\/fontawesome.com\/license (Commercial License) Copyright 2022 Fonticons, Inc. --><path fill=\"ff0000\" style=\"height: 22px\" d=\"M246.6 233.4l-160-160c-12.5-12.5-32.75-12.5-45.25 0s-12.5 32.75 0 45.25L178.8 256l-137.4 137.4c-12.5 12.5-12.5 32.75 0 45.25C47.63 444.9 55.81 448 64 448s16.38-3.125 22.62-9.375l160-160C259.1 266.1 259.1 245.9 246.6 233.4zM438.6 233.4l-160-160c-12.5-12.5-32.75-12.5-45.25 0s-12.5 32.75 0 45.25L370.8 256l-137.4 137.4c-12.5 12.5-12.5 32.75 0 45.25C239.6 444.9 247.8 448 256 448s16.38-3.125 22.62-9.375l160-160C451.1 266.1 451.1 245.9 438.6 233.4z\"\/><\/svg><\/div>',\r\n            });\r\n        });\r\n    });\r\n<\/script>\r\n\r\n<div id=\"block_15dcc13ee3dc1bf8d23ff18d8590aeea\" class=\"bild-video-text-slider block-header-bild-video-text-slider\">\r\n                        <div>\r\n                <div class=\"bild-video-text-slider--slide\">\r\n                                            <div class=\"img-vid-box\">\r\n                            <div class=\"img-sizer\">\r\n                                <img decoding=\"async\" width=\"959\" height=\"720\" src=\"https:\/\/www.efaflex.be\/wp-content\/uploads\/sites\/6\/2022\/07\/startseite_bild_links_2.jpg\" class=\"attachment-image-big size-image-big\" alt=\"\" srcset=\"https:\/\/www.efaflex.be\/wp-content\/uploads\/sites\/6\/2022\/07\/startseite_bild_links_2.jpg 959w, https:\/\/www.efaflex.be\/wp-content\/uploads\/sites\/6\/2022\/07\/startseite_bild_links_2-300x225.jpg 300w, https:\/\/www.efaflex.be\/wp-content\/uploads\/sites\/6\/2022\/07\/startseite_bild_links_2-768x577.jpg 768w\" sizes=\"(max-width: 959px) 100vw, 959px\" \/>                            <\/div>\r\n                        <\/div>\r\n                        <div class=\"video-text\">\r\n                            <h1><span class=\"highlighted\">EFAFLEX<\/span> en tant qu\u2019employeur.<\/h1>\n                        <\/div>\r\n                                    <\/div>\r\n\r\n            <\/div>\r\n            <\/div>\n\n\r\n\r\n<div id=\"breadcrump-block_1d6a28dde334570463921b937c68eac1\" class=\"inner\">\r\n        <nav class=\"breadcrumb\"><a href=\"https:\/\/www.efaflex.be\/fr\/\">Page d&#8217;accueil<\/a> \/ <span class=\"current-page\">Page<\/span><\/nav>    <\/div>\n\n\n<div style=\"height:150px\" aria-hidden=\"true\" class=\"wp-block-spacer\"><\/div>\n\n\n\r\n\r\n<div id=\"textmodul-3-spalten-block_57aeac1f4596d5b0f34ebf1de4a2f087\" class=\"textmodul-3-spalten\">\r\n    <div class=\"inner\">\r\n        <div class=\"custom-flex-box\">\r\n                            <h2 class=\"flex-box-thirty break headline-two\">Un employeur qui a de l\u2019avenir.<\/h2>                        <div class=\"flex-box-thirty\"><p>EFAFLEX d\u00e9veloppe et construit des portes rapides fiables pour le march\u00e9 mondial depuis 50 ans : des portes rapides garantissant un maximum de s\u00e9curit\u00e9 et d\u2019efficacit\u00e9.<\/p>\n<p>Nous sommes une entreprise familiale employant plus de 1 600 collaboratrices et collaborateurs dans le monde entier qui mettent tous les jours leurs talents et leurs comp\u00e9tences \u00e0 notre service.<\/p>\n<\/div>\r\n            <div class=\"flex-box-thirty\"><p>C\u2019est pourquoi nous faisons tout pour que nos collaboratrices et collaborateurs se sentent bien chez nous, non seulement aujourd\u2019hui, mais pendant toute leur vie professionnelle.<\/p>\n<p>EFAFLEX fait partie des entreprises technologiques leaders du secteur \u00e0 l\u2019\u00e9chelle internationale. Nous y parvenons gr\u00e2ce \u00e0 notre personnel tr\u00e8s motiv\u00e9 qui continuera \u00e0 l\u2019avenir de garantir une croissance constante, et ainsi des emplois stables.<\/p>\n<\/div>\r\n        <\/div>\r\n    <\/div>\r\n<\/div>\r\n\n\n\n<div style=\"height:200px\" aria-hidden=\"true\" class=\"wp-block-spacer\"><\/div>\n\n\n<div class=\"inner\">\r\n    <div id=\"bild-text-modul-1-3-block_34294f745ac84c0114aa791ce9f7dfec\" class=\"themen-container custom-flex-box\">\r\n                                    <div class=\"thema-box flex-box-thirty\">\r\n                                            <div class=\"bild-box\">\r\n                                                                                                                    <img decoding=\"async\" width=\"1243\" height=\"966\" src=\"https:\/\/www.efaflex.be\/wp-content\/uploads\/sites\/6\/2022\/07\/Digitales_Tor_Tablet_A3-9-1.jpg\" class=\"attachment-thementease-thumbnail size-thementease-thumbnail\" alt=\"\" srcset=\"https:\/\/www.efaflex.be\/wp-content\/uploads\/sites\/6\/2022\/07\/Digitales_Tor_Tablet_A3-9-1.jpg 1243w, https:\/\/www.efaflex.be\/wp-content\/uploads\/sites\/6\/2022\/07\/Digitales_Tor_Tablet_A3-9-1-300x233.jpg 300w, https:\/\/www.efaflex.be\/wp-content\/uploads\/sites\/6\/2022\/07\/Digitales_Tor_Tablet_A3-9-1-1024x796.jpg 1024w, https:\/\/www.efaflex.be\/wp-content\/uploads\/sites\/6\/2022\/07\/Digitales_Tor_Tablet_A3-9-1-768x597.jpg 768w\" sizes=\"(max-width: 1243px) 100vw, 1243px\" \/>                                                    <\/div>\r\n                                            \r\n                                                                <h2 class=\"headline-two\">\r\n                                                        Pourquoi nous sommes faits pour vous                        <\/h2>\r\n                    \r\n                        <p class=\"normal-font\">Parce que nous sommes leader en mati\u00e8re de technologie et d\u2019innovation dans un secteur plein d\u2019avenir. Parce que notre entreprise familiale attache une grande importance aux collaboratrices et collaborateurs engag\u00e9s et motiv\u00e9s, comp\u00e9tents et curieux.<\/p>\r\n                                                                                                                                                                                                        <a href=\"https:\/\/www.efaflex.be\/fr\/carriere\/pourquoi-nous-sommes-faits-pour-vous\/\" class=\"load-more-button\">En savoir plus<\/a>\r\n                                                                                                                                    <\/div>\r\n                            <div class=\"thema-box flex-box-thirty\">\r\n                                            <div class=\"bild-box\">\r\n                                                                                                                    <img decoding=\"async\" width=\"1243\" height=\"966\" src=\"https:\/\/www.efaflex.be\/wp-content\/uploads\/sites\/6\/2025\/11\/carriere-waarom-u-bij-ons-past-efaflex.jpg\" class=\"attachment-thementease-thumbnail size-thementease-thumbnail\" alt=\"\" srcset=\"https:\/\/www.efaflex.be\/wp-content\/uploads\/sites\/6\/2025\/11\/carriere-waarom-u-bij-ons-past-efaflex.jpg 1243w, https:\/\/www.efaflex.be\/wp-content\/uploads\/sites\/6\/2025\/11\/carriere-waarom-u-bij-ons-past-efaflex-300x233.jpg 300w, https:\/\/www.efaflex.be\/wp-content\/uploads\/sites\/6\/2025\/11\/carriere-waarom-u-bij-ons-past-efaflex-768x597.jpg 768w, https:\/\/www.efaflex.be\/wp-content\/uploads\/sites\/6\/2025\/11\/carriere-waarom-u-bij-ons-past-efaflex-1024x796.jpg 1024w\" sizes=\"(max-width: 1243px) 100vw, 1243px\" \/>                                                    <\/div>\r\n                                            \r\n                                                                <h2 class=\"headline-two\">\r\n                                                        Pourquoi vous \u00eates fait(e) pour nous                        <\/h2>\r\n                    \r\n                        <p class=\"normal-font\">Parce que vous voulez faire bouger les choses. Parce que vous avez la passion cr\u00e9atrice. Parce que vous vous sentez \u00e0 l\u2019aise aussi bien en travaillant en \u00e9quipe qu\u2019en travaillant en autonomie. Parce que vous aussi, vous voulez r\u00e9ussir.<\/p>\r\n                                                                                                                                                                                                        <a href=\"https:\/\/www.efaflex.be\/fr\/carriere\/pourquoi-vous-etes-faite-pour-nous\/\" class=\"load-more-button\">En savoir plus<\/a>\r\n                                                                                                                                    <\/div>\r\n                            <div class=\"thema-box flex-box-thirty\">\r\n                                            <div class=\"bild-box\">\r\n                                                                                                                    <img decoding=\"async\" width=\"960\" height=\"720\" src=\"https:\/\/www.efaflex.be\/wp-content\/uploads\/sites\/6\/2022\/07\/Digitales_Tor_Tablet_A3-11.jpg\" class=\"attachment-thementease-thumbnail size-thementease-thumbnail\" alt=\"\" srcset=\"https:\/\/www.efaflex.be\/wp-content\/uploads\/sites\/6\/2022\/07\/Digitales_Tor_Tablet_A3-11.jpg 960w, https:\/\/www.efaflex.be\/wp-content\/uploads\/sites\/6\/2022\/07\/Digitales_Tor_Tablet_A3-11-300x225.jpg 300w, https:\/\/www.efaflex.be\/wp-content\/uploads\/sites\/6\/2022\/07\/Digitales_Tor_Tablet_A3-11-768x576.jpg 768w\" sizes=\"(max-width: 960px) 100vw, 960px\" \/>                                                    <\/div>\r\n                                            \r\n                                                                <h2 class=\"headline-two\">\r\n                                                        Postes vacants \/ candidature spontan\u00e9e                        <\/h2>\r\n                    \r\n                        <p class=\"normal-font\">Postulez \u00e0 l\u2019un de nos postes vacants. Ou faites preuve d\u2019initiative et persuadez-nous que vous et EFAFLEX formez une \u00e9quipe qui gagne.<\/p>\r\n                                                                                                                                                                                                        <a href=\"https:\/\/www.efaflex.be\/fr\/carriere\/postes-vacants\/\" class=\"load-more-button\">En savoir plus<\/a>\r\n                                                                                                                                    <\/div>\r\n                        <\/div>\r\n<\/div>\r\n\n\n\n<div style=\"height:200px\" aria-hidden=\"true\" class=\"wp-block-spacer\"><\/div>\n\n\n\r\n\r\n<div id=\"textmodul-3-spalten-block_7bf22b0b671ca028cf66d41afea124f7\" class=\"textmodul-3-spalten\">\r\n    <div class=\"inner\">\r\n        <div class=\"custom-flex-box\">\r\n                            <h2 class=\"flex-box-thirty break headline-two false\">Laissez-nous vous faire r\u00eaver.<br \/>\r\n<\/h2>\r\n                        <div class=\"flex-box-thirty\"><p>Nous vous offrons un emploi stable dans un domaine d\u2019activit\u00e9 int\u00e9ressant. Au sein de notre entreprise familiale de taille moyenne, les rapports sont fond\u00e9s sur le respect mutuel et la coop\u00e9ration.<\/p>\n<\/div>\r\n            <div class=\"flex-box-thirty\"><p>Nous cr\u00e9ons les meilleures conditions pour un avenir r\u00e9ussi\u00a0: des formations r\u00e9guli\u00e8res, de bonnes perspectives sur le plan professionnel, une r\u00e9mun\u00e9ration int\u00e9ressante, des avantages sp\u00e9ciaux et des primes. Convaincu(e)\u00a0? Alors n\u2019h\u00e9sitez pas \u00e0 nous envoyer votre candidature\u00a0!<\/p>\n<\/div>\r\n        <\/div>\r\n    <\/div>\r\n<\/div>\r\n\n\n\n<div style=\"height:50px\" aria-hidden=\"true\" class=\"wp-block-spacer\"><\/div>\n\n\n\r\n<div id=\"bild-modul-1-3-quicklink-block_0b55fd39a4be2afae965232281b74796\" class=\"bild-modul-1-3-quicklink\">\r\n    <div class=\"inner\">\r\n                <div class=\"custom-flex-box\">\r\n                                                                                                                                    <div class=\"flex-box-thirty bild-modul\">\r\n                                                                                                                    <a class=\"bild-link\" href=\"https:\/\/www.efaflex.be\/fr\/carriere\/eleves-du-secondaire\/\">\r\n                                                                                                                                                                                                            <img decoding=\"async\" width=\"520\" height=\"720\" src=\"https:\/\/www.efaflex.be\/wp-content\/uploads\/sites\/6\/2022\/10\/schueler-berufsausbildung-karriere-efaflex-headerbild-520x720.jpg\" class=\"attachment-bild-modul-1-3-quicklink size-bild-modul-1-3-quicklink\" alt=\"Ausbildung bei Efaflex\" \/>                                                                                <h2>\u00c9l\u00e8ves du secondaire<\/h2>\r\n                                                                                    <div class=\"bild-modul-1-3-quicklink--linktext load-more-button\">\r\n                                               En savoir plus                                            <\/div>\r\n                                                                                <div class=\"bild-modul-1-3-quicklink--background\"><\/div>\r\n                                                                                         <\/a>\r\n                                                                            <\/div>\r\n                                                    \r\n                                                                                                                                                <div class=\"flex-box-thirty bild-modul\">\r\n                                                                                                                    <a class=\"bild-link\" href=\"https:\/\/www.efaflex.be\/fr\/carriere\/etudiants-diplomes\/\">\r\n                                                                                                                                                                                                            <img decoding=\"async\" width=\"520\" height=\"720\" src=\"https:\/\/www.efaflex.be\/wp-content\/uploads\/sites\/6\/2022\/07\/studenten-absolventen-berufsausbildung-karriere-efaflex-1-520x720.jpg\" class=\"attachment-bild-modul-1-3-quicklink size-bild-modul-1-3-quicklink\" alt=\"\" \/>                                                                                <h2>\u00c9tudiants<\/h2>\r\n                                                                                    <div class=\"bild-modul-1-3-quicklink--linktext load-more-button\">\r\n                                               En savoir plus                                            <\/div>\r\n                                                                                <div class=\"bild-modul-1-3-quicklink--background\"><\/div>\r\n                                                                                         <\/a>\r\n                                                                            <\/div>\r\n                                                    \r\n                                                                                                                                                <div class=\"flex-box-thirty bild-modul\">\r\n                                                                                                                    <a class=\"bild-link\" href=\"https:\/\/www.efaflex.be\/fr\/carriere\/experts-professionnels-experimentes\/\">\r\n                                                                                                                                                                                                            <img decoding=\"async\" width=\"517\" height=\"720\" src=\"https:\/\/www.efaflex.be\/wp-content\/uploads\/sites\/6\/2022\/07\/professionals-berufsausbildung-karriere-vorschau-efaflex.jpg\" class=\"attachment-bild-modul-1-3-quicklink size-bild-modul-1-3-quicklink\" alt=\"\" srcset=\"https:\/\/www.efaflex.be\/wp-content\/uploads\/sites\/6\/2022\/07\/professionals-berufsausbildung-karriere-vorschau-efaflex.jpg 517w, https:\/\/www.efaflex.be\/wp-content\/uploads\/sites\/6\/2022\/07\/professionals-berufsausbildung-karriere-vorschau-efaflex-215x300.jpg 215w\" sizes=\"(max-width: 517px) 100vw, 517px\" \/>                                                                                <h2>Professionnels<\/h2>\r\n                                                                                    <div class=\"bild-modul-1-3-quicklink--linktext load-more-button\">\r\n                                               En savoir plus                                            <\/div>\r\n                                                                                <div class=\"bild-modul-1-3-quicklink--background\"><\/div>\r\n                                                                                         <\/a>\r\n                                                                            <\/div>\r\n                                                    \r\n                                                            <\/div>\r\n    <\/div>\r\n<\/div>\n\n\n<div style=\"height:200px\" aria-hidden=\"true\" class=\"wp-block-spacer\"><\/div>\n\n\n\r\n\r\n<div id=\"bild-text-modul-rechts-zweizeilig-block_3869700713147b441f6438c92527062c\" class=\"bild-text-modul-zweizeilig-container\">\r\n            \r\n\r\n\r\n            \r\n                                    \r\n\r\n                            <div class=\"bild-text-modul-links-zweizeilig bild-text-modul-zweizeilig\">\r\n                                <div class=\"custom-flex-box-no-margin\">\r\n\r\n                                    <div class=\"flex-box-fifty-no-margin bild-container\">\r\n                                                                                                                                                                                                                                                                                                                                                            <\/div>\r\n\r\n                                    <div class=\"flex-box-fifty-no-margin text-container\">\r\n                                        <div class=\"text-container-flex\">\r\n                                            <div class=\"text-inner\">\r\n                                                                                                                                                            <div class=\"text-left-border\">\r\n                                                            <div class=\"text-cut\">\r\n                                                                \r\n                                                                                                                                    <h3 class=\"headline-two medium-h2\">Votre interlocutrice.<\/h3>                                                                \r\n<!--                                                                <h2 class=\"medium-h2\">--><!--<\/h2>-->\r\n                                                                <p class=\"normal-font\">Nom: Guido Van Passen<br \/>\r\nT\u00e9l.: + 32 3 45 11 93<br \/>\r\nE-mail: info@efaflexbvba.be<\/p>\r\n                                                            <\/div>\r\n                                                            <div class=\"button-box\">\r\n                                                                                                                                                                                            <\/div>\r\n                                                        <\/div>\r\n                                                                                                                                                <\/div>\r\n                                        <\/div>\r\n                                    <\/div>\r\n                                <\/div>\r\n                            <\/div>\r\n\r\n                                    \r\n            \r\n\r\n        \r\n\r\n\r\n    <\/div>\n\n\n<div style=\"height:200px\" aria-hidden=\"true\" class=\"wp-block-spacer\"><\/div>\n\n\n<div id=\"contact-modul-block_5eda2a2a76586c27e164d140ff17f04a\" class=\"contact-modul contact-modul-fifty\">\r\n    <div class=\"inner\">\r\n        <div class=\"custom-flex-box\">\r\n            <div class=\"flex-box-fifty\">\r\n                                                            <h2>Vous avez des questions ?<\/h2>\r\n                                                                        <\/div>\r\n            <div class=\"flex-box-fifty contact-modul--contact\">\r\n                                                            <span>Prenez contact avec nous.<\/span>\r\n                        <p>Nous sommes l\u00e0 pour vous!<\/p>\r\n                                                                            <a class=\"load-more-button\" href=\"https:\/\/www.efaflex.be\/fr\/contact\/\" target=\"\">Vers le formulaire de contact en ligne<\/a>\r\n                                                                        <\/div>\r\n        <\/div>\r\n    <\/div>\r\n<\/div>\n\n\n<div style=\"height:200px\" aria-hidden=\"true\" class=\"wp-block-spacer\"><\/div>\n\n\n\n<p><\/p>\n","protected":false},"excerpt":{"rendered":"","protected":false},"author":4,"featured_media":0,"parent":0,"menu_order":40,"comment_status":"closed","ping_status":"closed","template":"","meta":{"_acf_changed":false,"footnotes":""},"class_list":["post-12507","page","type-page","status-publish","hentry"],"acf":[],"_links":{"self":[{"href":"https:\/\/www.efaflex.be\/fr\/wp-json\/wp\/v2\/pages\/12507","targetHints":{"allow":["GET"]}}],"collection":[{"href":"https:\/\/www.efaflex.be\/fr\/wp-json\/wp\/v2\/pages"}],"about":[{"href":"https:\/\/www.efaflex.be\/fr\/wp-json\/wp\/v2\/types\/page"}],"author":[{"embeddable":true,"href":"https:\/\/www.efaflex.be\/fr\/wp-json\/wp\/v2\/users\/4"}],"replies":[{"embeddable":true,"href":"https:\/\/www.efaflex.be\/fr\/wp-json\/wp\/v2\/comments?post=12507"}],"version-history":[{"count":9,"href":"https:\/\/www.efaflex.be\/fr\/wp-json\/wp\/v2\/pages\/12507\/revisions"}],"predecessor-version":[{"id":19738,"href":"https:\/\/www.efaflex.be\/fr\/wp-json\/wp\/v2\/pages\/12507\/revisions\/19738"}],"wp:attachment":[{"href":"https:\/\/www.efaflex.be\/fr\/wp-json\/wp\/v2\/media?parent=12507"}],"curies":[{"name":"wp","href":"https:\/\/api.w.org\/{rel}","templated":true}]}}