{"id":12469,"date":"2022-05-10T11:14:25","date_gmt":"2022-05-10T09:14:25","guid":{"rendered":"https:\/\/www.efaflex.be\/sustainability\/"},"modified":"2025-11-07T12:31:19","modified_gmt":"2025-11-07T11:31:19","slug":"durabilite","status":"publish","type":"page","link":"https:\/\/www.efaflex.be\/fr\/entreprise\/durabilite\/","title":{"rendered":"Durabilit\u00e9"},"content":{"rendered":"\r\n<div class=\"bild-fullsize-container\">\r\n            <div class=\"fullwidth\">\r\n                                                    <img decoding=\"async\" width=\"1920\" height=\"966\" src=\"https:\/\/www.efaflex.be\/wp-content\/uploads\/sites\/6\/2025\/11\/duurzaamheid-onderneming-efaflex.jpg\" class=\"attachment-bild-fullsize-width size-bild-fullsize-width\" alt=\"\" srcset=\"https:\/\/www.efaflex.be\/wp-content\/uploads\/sites\/6\/2025\/11\/duurzaamheid-onderneming-efaflex.jpg 1920w, https:\/\/www.efaflex.be\/wp-content\/uploads\/sites\/6\/2025\/11\/duurzaamheid-onderneming-efaflex-300x151.jpg 300w, https:\/\/www.efaflex.be\/wp-content\/uploads\/sites\/6\/2025\/11\/duurzaamheid-onderneming-efaflex-768x386.jpg 768w, https:\/\/www.efaflex.be\/wp-content\/uploads\/sites\/6\/2025\/11\/duurzaamheid-onderneming-efaflex-1024x515.jpg 1024w, https:\/\/www.efaflex.be\/wp-content\/uploads\/sites\/6\/2025\/11\/duurzaamheid-onderneming-efaflex-1536x773.jpg 1536w\" sizes=\"(max-width: 1920px) 100vw, 1920px\" \/>                    <\/div>\r\n    <\/div>\r\n\n\n\r\n\r\n<div id=\"breadcrump-block_9ca4ac27366af174a0fd340edd43de46\" class=\"inner\">\r\n        <nav class=\"breadcrumb\"><a href=\"https:\/\/www.efaflex.be\/fr\/\">Page d&#8217;accueil<\/a> \/ <span class=\"current-page\">Page<\/span><\/nav>    <\/div>\n\n\n<div style=\"height:100px\" aria-hidden=\"true\" class=\"wp-block-spacer\"><\/div>\n\n\n\r\n\r\n<div id=\"textmodul-3-spalten-block_6629a5e01495a4b1d65c8ab12f9aa429\" class=\"textmodul-3-spalten\">\r\n    <div class=\"inner\">\r\n        <div class=\"custom-flex-box\">\r\n                            <h1 class=\"flex-box-thirty break headline-two\">Nous pensons \u00e0 demain d\u00e8s aujourd\u2019hui.<\/h1>                        <div class=\"flex-box-thirty\"><p>La pens\u00e9e et l\u2019action enti\u00e8rement durables sont tr\u00e8s enracin\u00e9es dans notre entreprise familiale. Nous fabriquons des produits de tr\u00e8s grande long\u00e9vit\u00e9 tout en m\u00e9nageant les ressources naturelles.<\/p>\n<\/div>\r\n            <div class=\"flex-box-thirty\"><p>Or, la durabilit\u00e9 signifie pour nous \u00e9galement l\u2019engagement \u00e0 long terme et le d\u00e9veloppement de nos collaboratrices et collaborateurs dans notre entreprise. EFAFLEX\u00a0: un employeur responsable et soucieux du d\u00e9veloppement durable en Allemagne et dans le monde entier.<\/p>\n<\/div>\r\n        <\/div>\r\n    <\/div>\r\n<\/div>\r\n\n\n\n<div style=\"height:100px\" aria-hidden=\"true\" class=\"wp-block-spacer\"><\/div>\n\n\n\r\n<div class=\"inner\">\r\n    <div class=\"zweispaltig-bild-text-modul custom-flex-box\" id=\"zweispaltig-bild-text-modul-block_a1b043861a7ffc0541fe62d469fd26eb\">\r\n        \r\n                    \r\n                <div class=\"single-block flex-box-fifty\">\r\n                    <div class=\"img-box\">\r\n                                                                            <img decoding=\"async\" src=\"https:\/\/www.efaflex.be\/wp-content\/uploads\/sites\/6\/2022\/07\/materialien-nachhaltigkeit-unternehmen-efaflex.png\" alt=\"\" \/>\r\n                                            <\/div>\r\n                    <div class=\"text-box\">\r\n                                                                                    <h2 class=\"medium-h2\">Mat\u00e9riaux<\/h2>                                <p class=\"desktop-text\">Gr\u00e2ce \u00e0 des mat\u00e9riaux de grande qualit\u00e9 et \u00e0 une conception intelligente, nos portes peuvent \u00eatre recycl\u00e9es par mat\u00e9riau. Nous achetons l\u2019aluminium, l\u2019acier et les composants \u00e9lectroniques de pr\u00e9f\u00e9rence aupr\u00e8s de fournisseurs locaux et europ\u00e9ens dans le respect de la Material Compliance.<\/p>\r\n\r\n                                                                                                        <\/div>\r\n                    <div class=\"button-box\">\r\n                        <img decoding=\"async\" src=\"\/wp-content\/themes\/efaflex\/assets\/img\/after-button-arrows.svg\" alt=\"arrow-down\">\r\n                    <\/div>\r\n                    <div class=\"mobile-text-box\">\r\n                                                                                    <p class=\"desktop-text\">Gr\u00e2ce \u00e0 des mat\u00e9riaux de grande qualit\u00e9 et \u00e0 une conception intelligente, nos portes peuvent \u00eatre recycl\u00e9es par mat\u00e9riau. Nous achetons l\u2019aluminium, l\u2019acier et les composants \u00e9lectroniques de pr\u00e9f\u00e9rence aupr\u00e8s de fournisseurs locaux et europ\u00e9ens dans le respect de la Material Compliance.<\/p>\r\n\r\n                                                                                                        <\/div>\r\n                <\/div>\r\n\r\n            \r\n                <div class=\"single-block flex-box-fifty\">\r\n                    <div class=\"img-box\">\r\n                                                                            <img decoding=\"async\" src=\"https:\/\/www.efaflex.be\/wp-content\/uploads\/sites\/6\/2022\/07\/fertigung-verpackung-nachhaltigkeit-unternehmen-efaflex-1.png\" alt=\"\" \/>\r\n                                            <\/div>\r\n                    <div class=\"text-box\">\r\n                                                                                    <h2 class=\"medium-h2\">Fabrication et emballage<\/h2>                                <p class=\"desktop-text\">En ce qui concerne nos mat\u00e9riaux d\u2019emballage, nous veillons \u00e0 ce qu\u2019ils viennent de la r\u00e9gion. Par exemple, nous achetons les caisses en bois pour transporter nos produits aupr\u00e8s d\u2019une scierie locale. M\u00eame les films en PE sont recycl\u00e9s dans une certaine proportion et peuvent \u00eatre r\u00e9utilis\u00e9s apr\u00e8s leur utilisation.<\/p>\r\n\r\n                                                                                                        <\/div>\r\n                    <div class=\"button-box\">\r\n                        <img decoding=\"async\" src=\"\/wp-content\/themes\/efaflex\/assets\/img\/after-button-arrows.svg\" alt=\"arrow-down\">\r\n                    <\/div>\r\n                    <div class=\"mobile-text-box\">\r\n                                                                                    <p class=\"desktop-text\">En ce qui concerne nos mat\u00e9riaux d\u2019emballage, nous veillons \u00e0 ce qu\u2019ils viennent de la r\u00e9gion. Par exemple, nous achetons les caisses en bois pour transporter nos produits aupr\u00e8s d\u2019une scierie locale. M\u00eame les films en PE sont recycl\u00e9s dans une certaine proportion et peuvent \u00eatre r\u00e9utilis\u00e9s apr\u00e8s leur utilisation.<\/p>\r\n\r\n                                                                                                        <\/div>\r\n                <\/div>\r\n\r\n            \r\n                <div class=\"single-block flex-box-fifty\">\r\n                    <div class=\"img-box\">\r\n                                                                            <img decoding=\"async\" src=\"https:\/\/www.efaflex.be\/wp-content\/uploads\/sites\/6\/2022\/07\/transport-nachhaltigkeit-unternehmen-efaflex.png\" alt=\"\" \/>\r\n                                            <\/div>\r\n                    <div class=\"text-box\">\r\n                                                                                    <h2 class=\"medium-h2\">Transport<\/h2>                                <p class=\"desktop-text\">Dans la mesure du possible, nous choisissons le mode d\u2019exp\u00e9dition le plus \u00e9cologique pour nos portes haut de gamme. Gr\u00e2ce \u00e0 des itin\u00e9raires de transport optimis\u00e9s, nous \u00e9conomisons de pr\u00e9cieuses ressources tous les jours.<\/p>\r\n\r\n                                                                                                        <\/div>\r\n                    <div class=\"button-box\">\r\n                        <img decoding=\"async\" src=\"\/wp-content\/themes\/efaflex\/assets\/img\/after-button-arrows.svg\" alt=\"arrow-down\">\r\n                    <\/div>\r\n                    <div class=\"mobile-text-box\">\r\n                                                                                    <p class=\"desktop-text\">Dans la mesure du possible, nous choisissons le mode d\u2019exp\u00e9dition le plus \u00e9cologique pour nos portes haut de gamme. Gr\u00e2ce \u00e0 des itin\u00e9raires de transport optimis\u00e9s, nous \u00e9conomisons de pr\u00e9cieuses ressources tous les jours.<\/p>\r\n\r\n                                                                                                        <\/div>\r\n                <\/div>\r\n\r\n            \r\n                <div class=\"single-block flex-box-fifty\">\r\n                    <div class=\"img-box\">\r\n                                                                            <img decoding=\"async\" src=\"https:\/\/www.efaflex.be\/wp-content\/uploads\/sites\/6\/2022\/07\/waermedaemmung-nachhaltigkeit-unternehmen-efaflex-1.png\" alt=\"\" \/>\r\n                                            <\/div>\r\n                    <div class=\"text-box\">\r\n                                                                                    <h2 class=\"medium-h2\">Isolation thermique<\/h2>                                <p class=\"desktop-text\">Gr\u00e2ce au contr\u00f4le d\u2019\u00e9tanch\u00e9it\u00e9, \u00e0 la prise en compte de ponts thermiques et de l\u2019\u00e9paisseur de l\u2019isolant, nos portes rapides atteignent d\u2019excellentes valeurs en termes d\u2019isolation thermique et frigorifique.<\/p>\r\n\r\n                                                                                                        <\/div>\r\n                    <div class=\"button-box\">\r\n                        <img decoding=\"async\" src=\"\/wp-content\/themes\/efaflex\/assets\/img\/after-button-arrows.svg\" alt=\"arrow-down\">\r\n                    <\/div>\r\n                    <div class=\"mobile-text-box\">\r\n                                                                                    <p class=\"desktop-text\">Gr\u00e2ce au contr\u00f4le d\u2019\u00e9tanch\u00e9it\u00e9, \u00e0 la prise en compte de ponts thermiques et de l\u2019\u00e9paisseur de l\u2019isolant, nos portes rapides atteignent d\u2019excellentes valeurs en termes d\u2019isolation thermique et frigorifique.<\/p>\r\n\r\n                                                                                                        <\/div>\r\n                <\/div>\r\n\r\n            \r\n                <div class=\"single-block flex-box-fifty\">\r\n                    <div class=\"img-box\">\r\n                                                                            <img decoding=\"async\" src=\"https:\/\/www.efaflex.be\/wp-content\/uploads\/sites\/6\/2022\/07\/oeffnungs-und-schliessgeschwindigkeit-nachhaltigkeit-unternehmen-efaflex.png\" alt=\"\" \/>\r\n                                            <\/div>\r\n                    <div class=\"text-box\">\r\n                                                                                    <h2 class=\"medium-h2\">Vitesse d\u2019ouverture et de fermeture<\/h2>                                <p class=\"desktop-text\">Les vitesses d\u2019ouverture et de fermeture \u00e9lev\u00e9es de nos portes rapides r\u00e9duisent vos co\u00fbts \u00e9nerg\u00e9tiques et maintiennent la temp\u00e9rature souhait\u00e9e dans votre entrep\u00f4t, votre local technique et votre bien immobilier.<\/p>\r\n\r\n                                                                                                        <\/div>\r\n                    <div class=\"button-box\">\r\n                        <img decoding=\"async\" src=\"\/wp-content\/themes\/efaflex\/assets\/img\/after-button-arrows.svg\" alt=\"arrow-down\">\r\n                    <\/div>\r\n                    <div class=\"mobile-text-box\">\r\n                                                                                    <p class=\"desktop-text\">Les vitesses d\u2019ouverture et de fermeture \u00e9lev\u00e9es de nos portes rapides r\u00e9duisent vos co\u00fbts \u00e9nerg\u00e9tiques et maintiennent la temp\u00e9rature souhait\u00e9e dans votre entrep\u00f4t, votre local technique et votre bien immobilier.<\/p>\r\n\r\n                                                                                                        <\/div>\r\n                <\/div>\r\n\r\n            \r\n                <div class=\"single-block flex-box-fifty\">\r\n                    <div class=\"img-box\">\r\n                                                                            <img decoding=\"async\" src=\"https:\/\/www.efaflex.be\/wp-content\/uploads\/sites\/6\/2022\/07\/langlebigkeit-nachhaltigkeit-unternehmen-efaflex.png\" alt=\"\" \/>\r\n                                            <\/div>\r\n                    <div class=\"text-box\">\r\n                                                                                    <h2 class=\"medium-h2\">Long\u00e9vit\u00e9<\/h2>                                <p class=\"desktop-text\">Les portes de grande qualit\u00e9 d\u2019une tr\u00e8s longue dur\u00e9e de vie avec un service \u00e0 la client\u00e8le professionnel et une garantie de pi\u00e8ces de rechange d\u2019au moins 10 ans garantissent la maintenance et la r\u00e9paration pendant des ann\u00e9es apr\u00e8s l\u2019installation.<\/p>\r\n\r\n                                                                                                        <\/div>\r\n                    <div class=\"button-box\">\r\n                        <img decoding=\"async\" src=\"\/wp-content\/themes\/efaflex\/assets\/img\/after-button-arrows.svg\" alt=\"arrow-down\">\r\n                    <\/div>\r\n                    <div class=\"mobile-text-box\">\r\n                                                                                    <p class=\"desktop-text\">Les portes de grande qualit\u00e9 d\u2019une tr\u00e8s longue dur\u00e9e de vie avec un service \u00e0 la client\u00e8le professionnel et une garantie de pi\u00e8ces de rechange d\u2019au moins 10 ans garantissent la maintenance et la r\u00e9paration pendant des ann\u00e9es apr\u00e8s l\u2019installation.<\/p>\r\n\r\n                                                                                                        <\/div>\r\n                <\/div>\r\n\r\n                        <\/div>\r\n<\/div>\r\n\r\n<script>\r\n    window.addEventListener('DOMContentLoaded', function() {\r\n        jQuery(document).ready(function($) {\r\n            $('#zweispaltig-bild-text-modul-block_a1b043861a7ffc0541fe62d469fd26eb .button-box').click(function () {\r\n                if($(this).parent('.single-block').hasClass(\"active\"))\r\n                {\r\n                    $('.single-block').removeClass('active');\r\n                    $('.mobile-text-box').slideUp();\r\n                }\r\n                else\r\n                {\r\n                    $('.single-block').removeClass('active');\r\n                    $('.mobile-text-box').slideUp();\r\n                    $(this).parent('.single-block').addClass('active');\r\n                    $(this).parent().children('.mobile-text-box').slideDown();\r\n                }\r\n            });\r\n            $(window).resize(function() {\r\n                if ($(window).width() <= 1024) {\r\n                    $('#zweispaltig-bild-text-modul-block_a1b043861a7ffc0541fe62d469fd26eb .single-block').removeClass('active');\r\n                    $('#zweispaltig-bild-text-modul-block_a1b043861a7ffc0541fe62d469fd26eb .mobile-text-box').hide();\r\n                }\r\n            });\r\n        });\r\n    });\r\n<\/script>\n\n\n<div style=\"height:100px\" aria-hidden=\"true\" id=\"energy-saver\" class=\"wp-block-spacer custom-anker\"><\/div>\n\n\n\r\n<div id=\"headline-zweizeilig-block_c65fb8561778802de857d41f4029aee3\" class=\"headline-zweizeilig headline-zweizeilig-zentriert inner smalltext\">\r\n    <div id=\"energy-saver2\">EFA EnergySaver<\/div>\n          <div class=\"subline\">\r\n        <p>En quelques clics, l\u2019EFA EnergySaver vous indique vos \u00e9conomies potentielles d&#8217;\u00e9nergie, de CO\u2082 et de co\u00fbts lors de l&#8217;utilisation d&#8217;une porte rapide EFAFLEX efficace et durable par rapport \u00e0 une porte sectionnelle industrielle conventionnelle.<\/p>\n<p>Essayez-le maintenant!<\/p>\n      <\/div>\r\n            <\/div>\r\n\n\n\r\n<div id=\"headline-zweizeilig-block_920f282b7fe7754b6d5bf0d610cad43e\" class=\"headline-zweizeilig headline-zweizeilig-zentriert inner smalltext\">\r\n    <p><div class=\"BorlabsCookie _brlbs-cb-esaver\"><div style=\"background-image: url('https:\/\/www.efaflex.be\/wp-content\/uploads\/sites\/6\/2024\/10\/energy-saver-blocker-dark.jpg');\"> <div class=\"_brlbs-default\"> <p><span>En chargeant l'EnergySaver, vous acceptez les r\u00e8gles de confidentialit\u00e9 de Google.<br><a href=\"https:\/\/policies.google.com\/privacy\" target=\"_blank\" rel=\"nofollow noopener noreferrer\">En savoir plus<\/a><\/span><\/p> <p><a class=\"_brlbs-btn\" href=\"#\" data-borlabs-cookie-unblock=\"\" role=\"button\">Charge EnergySaver<\/a><\/p> <\/div> <\/div><div class=\"borlabs-hide\" data-borlabs-cookie-type=\"content-blocker\" data-borlabs-cookie-id=\"esaver\"><script type=\"text\/template\">PGJyIC8+CjxpZnJhbWUgaWQ9ImVzc2F2ZXIiIHN0eWxlPSJvdmVyZmxvdzogaGlkZGVuOyBkaXNwbGF5Om5vbmU7IiB3aWR0aD0iMTAwJSIgZnJhbWVib3JkZXI9IjAiPjwvaWZyYW1lPjwvcD4KPGRpdiBjbGFzcz0iZXNhdmVyIj48aWZyYW1lIGlkPSJlc2F2ZXIiIHN0eWxlPSJvdmVyZmxvdzogaGlkZGVuOyIgc3JjPSJodHRwczovL3d3dy5lZmFmbGV4LmJlL2VuZXJneS1zYXZlci9lc3YyLz9sYW5nPWVuIiB3aWR0aD0iMTAwJSIgZnJhbWVib3JkZXI9IjAiPjwvaWZyYW1lPjwvZGl2Pgo8cD4=<\/script><\/div><\/div><br \/>\n<script>\n    function empfangeHoehe(event) {\n        if (event.origin === 'https:\/\/www.efaflex.be') {\n            document.getElementById('esaver').style.height = event.data + 'px';\n        }\n    }\n    \/\/ F\u00fcge einen Event-Listener f\u00fcr die Nachrichten hinzu\n    window.addEventListener('message', empfangeHoehe, false);\n    \/\/ Rufe die Funktion nach dem Laden des iFrames auf\n    document.getElementById('esaver').onload = function() {\n        var iframe = document.getElementById('esaver');\n        var neueHoehe = iframe.contentWindow.document.body.scrollHeight;\n        iframe.style.height = neueHoehe + 'px';\n    };\n<\/script><\/p>\n            <\/div>\r\n\n\n\r\n<div id=\"center-button-block_7ea97364c84d17df693030eea42d4d35\" class=\"center-button\">\r\n                <a href=\"https:\/\/www.efaflex.be\/fr\/contact\/\" target=\"\">\r\n            <span class=\"\" >\r\n                Convenez d\u00e8s maintenant d&#039;un conseil personnalis\u00e9             <\/span>\r\n        <\/a>\r\n    <\/div>\r\n\r\n\r\n\r\n\n\n\n<div style=\"height:100px\" aria-hidden=\"true\" class=\"wp-block-spacer\"><\/div>\n\n\n\r\n<style type=\"text\/css\">\r\n    #zahlen-fakten-modul-block_12abe7039b0d484712280ad00179bd42 {\r\n    \/* Add styles that use ACF values here *\/\r\n    }\r\n<\/style>\r\n\r\n<div class=\"zahlen-fakten-modul\">\r\n            \r\n            <div class=\"vid-img-left\">\r\n                                    <div class=\"img-vid-box\">\r\n                                                                                                    <img decoding=\"async\" width=\"1280\" height=\"720\" src=\"https:\/\/www.efaflex.be\/wp-content\/uploads\/sites\/6\/2022\/07\/unternehmen_nachhaltigkeit_fakten.jpg\" class=\"attachment-zahlen-fakten-bild size-zahlen-fakten-bild\" alt=\"\" srcset=\"https:\/\/www.efaflex.be\/wp-content\/uploads\/sites\/6\/2022\/07\/unternehmen_nachhaltigkeit_fakten.jpg 1280w, https:\/\/www.efaflex.be\/wp-content\/uploads\/sites\/6\/2022\/07\/unternehmen_nachhaltigkeit_fakten-300x169.jpg 300w, https:\/\/www.efaflex.be\/wp-content\/uploads\/sites\/6\/2022\/07\/unternehmen_nachhaltigkeit_fakten-1024x576.jpg 1024w, https:\/\/www.efaflex.be\/wp-content\/uploads\/sites\/6\/2022\/07\/unternehmen_nachhaltigkeit_fakten-768x432.jpg 768w\" sizes=\"(max-width: 1280px) 100vw, 1280px\" \/>                                            <\/div>\r\n                            <\/div>\r\n\r\n                        \r\n            <div class=\"text-right\">\r\n                                    <div class=\"inner-box only-headline\">\r\n                        <h2><p>EFAFLEX roule de mani\u00e8re \u00e9cologique\u00a0: bornes de recharge pour notre parc automobile et nos collaborateurs.<\/p>\n<\/h2>\r\n                    <\/div>\r\n                            <\/div>\r\n\r\n            <\/div>\n\n\n<div style=\"height:100px\" aria-hidden=\"true\" class=\"wp-block-spacer\"><\/div>\n\n\n<div class=\"inner\">\r\n    <div id=\"bild-text-modul-1-3-block_644d18a9b78c8f6c84c1900a7714b5be\" class=\"themen-container custom-flex-box\">\r\n                                    <div class=\"thema-box flex-box-thirty\">\r\n                                            <div class=\"bild-box\">\r\n                                                                                                                    <img decoding=\"async\" width=\"517\" height=\"306\" src=\"https:\/\/www.efaflex.be\/wp-content\/uploads\/sites\/6\/2022\/07\/energie-effizienz-made-in-germany-zertifikate-auszeichnungen-unternehmen-efaflex.jpg\" class=\"attachment-thementease-thumbnail size-thementease-thumbnail\" alt=\"\" srcset=\"https:\/\/www.efaflex.be\/wp-content\/uploads\/sites\/6\/2022\/07\/energie-effizienz-made-in-germany-zertifikate-auszeichnungen-unternehmen-efaflex.jpg 517w, https:\/\/www.efaflex.be\/wp-content\/uploads\/sites\/6\/2022\/07\/energie-effizienz-made-in-germany-zertifikate-auszeichnungen-unternehmen-efaflex-300x178.jpg 300w\" sizes=\"(max-width: 517px) 100vw, 517px\" \/>                                                    <\/div>\r\n                                            \r\n                                                                <h2 class=\"headline-two\">\r\n                                                        Efficacit\u00e9 \u00e9nerg\u00e9tique : Made in Germany                        <\/h2>\r\n                    \r\n                        <p class=\"normal-font\">EFAFLEX fait partie de l\u2019initiative \u00e0 l\u2019exportation d\u2019efficacit\u00e9 \u00e9nerg\u00e9tique \u00ab Energy Efficiency \u2013 Made in Germany \u00bb sous l\u2019\u00e9gide du Minist\u00e8re f\u00e9d\u00e9ral de l\u2019\u00e9conomie et la protection climatique (BMWK).<\/p>\r\n                                                                                        <\/div>\r\n                            <div class=\"thema-box flex-box-thirty\">\r\n                                            <div class=\"bild-box\">\r\n                                                                                                                    <img decoding=\"async\" width=\"948\" height=\"559\" src=\"https:\/\/www.efaflex.be\/wp-content\/uploads\/sites\/6\/2025\/09\/efaflex-ecovadis-2025.jpg\" class=\"attachment-thementease-thumbnail size-thementease-thumbnail\" alt=\"\" srcset=\"https:\/\/www.efaflex.be\/wp-content\/uploads\/sites\/6\/2025\/09\/efaflex-ecovadis-2025.jpg 948w, https:\/\/www.efaflex.be\/wp-content\/uploads\/sites\/6\/2025\/09\/efaflex-ecovadis-2025-300x177.jpg 300w, https:\/\/www.efaflex.be\/wp-content\/uploads\/sites\/6\/2025\/09\/efaflex-ecovadis-2025-768x453.jpg 768w, https:\/\/www.efaflex.be\/wp-content\/uploads\/sites\/6\/2025\/09\/efaflex-ecovadis-2025-517x306.jpg 517w\" sizes=\"(max-width: 948px) 100vw, 948px\" \/>                                                    <\/div>\r\n                                            \r\n                                                                <h2 class=\"headline-two\">\r\n                                                        EcoVadis                        <\/h2>\r\n                    \r\n                        <p class=\"normal-font\">Nous sommes fiers qu\u2019EcoVadis, le plus grand fournisseur de classements de durabilit\u00e9 pour les entreprises et le plus digne de confiance \u00e0 l\u2019\u00e9chelle internationale, nous ait d\u00e9cern\u00e9 la m\u00e9daille d\u2019argent.<\/p>\r\n                                                                                        <\/div>\r\n                            <div class=\"thema-box flex-box-thirty\">\r\n                                            <div class=\"bild-box\">\r\n                                                                                                                    <img decoding=\"async\" width=\"516\" height=\"306\" src=\"https:\/\/www.efaflex.be\/wp-content\/uploads\/sites\/6\/2022\/07\/ift-zertifikate-auszeichnungen-unternehmen-efaflex.jpg\" class=\"attachment-thementease-thumbnail size-thementease-thumbnail\" alt=\"\" srcset=\"https:\/\/www.efaflex.be\/wp-content\/uploads\/sites\/6\/2022\/07\/ift-zertifikate-auszeichnungen-unternehmen-efaflex.jpg 516w, https:\/\/www.efaflex.be\/wp-content\/uploads\/sites\/6\/2022\/07\/ift-zertifikate-auszeichnungen-unternehmen-efaflex-300x178.jpg 300w\" sizes=\"(max-width: 516px) 100vw, 516px\" \/>                                                    <\/div>\r\n                                            \r\n                                                                <h2 class=\"headline-two\">\r\n                                                        ift Rosenheim                        <\/h2>\r\n                    \r\n                        <p class=\"normal-font\">ift Rosenheim<\/p>\r\n                                                                                        <\/div>\r\n                        <\/div>\r\n<\/div>\r\n\n\n\n<div style=\"height:100px\" aria-hidden=\"true\" class=\"wp-block-spacer\"><\/div>\n\n\n\r\n<div id=\"bild-text-modul-links-rechts-block_7c4cf9b3b97c9a8dc170063e4d5bed0a\" class=\"bild-text-modul-container\">\r\n    <div class=\"inner\">\r\n                                                                                        <div id=\"\" class=\"bild-text-modul-links bild-text-modul\">\r\n                                <div class=\"custom-flex-box\">\r\n                                    <div class=\"flex-box-sixty bild-container\">\r\n                                                                                                                                                                                                                                                                                        <img decoding=\"async\" width=\"1896\" height=\"1075\" src=\"https:\/\/www.efaflex.be\/wp-content\/uploads\/sites\/6\/2025\/11\/luchtfoto-bedrijfsgebouw-efaflex.jpg\" class=\"attachment-full size-full\" alt=\"\" srcset=\"https:\/\/www.efaflex.be\/wp-content\/uploads\/sites\/6\/2025\/11\/luchtfoto-bedrijfsgebouw-efaflex.jpg 1896w, https:\/\/www.efaflex.be\/wp-content\/uploads\/sites\/6\/2025\/11\/luchtfoto-bedrijfsgebouw-efaflex-300x170.jpg 300w, https:\/\/www.efaflex.be\/wp-content\/uploads\/sites\/6\/2025\/11\/luchtfoto-bedrijfsgebouw-efaflex-768x435.jpg 768w, https:\/\/www.efaflex.be\/wp-content\/uploads\/sites\/6\/2025\/11\/luchtfoto-bedrijfsgebouw-efaflex-1024x581.jpg 1024w, https:\/\/www.efaflex.be\/wp-content\/uploads\/sites\/6\/2025\/11\/luchtfoto-bedrijfsgebouw-efaflex-1536x871.jpg 1536w\" sizes=\"(max-width: 1896px) 100vw, 1896px\" \/>                                                                                                                                                                        <\/div>\r\n\r\n                                    <div class=\"flex-box-fourty text-container\">\r\n                                        <div class=\"text-container-flex\">\r\n                                            <div class=\"text-inner\">\r\n                                                                                                                                                            <div class=\"text-left-border\">\r\n                                                            <div class=\"text-cut\">\r\n                                                                                                                                    <span>Responsabilit\u00e9 r\u00e9gionale<\/span>\r\n                                                                 \r\n\r\n                                                                                                                                          <h2 class=\"headline-two\">Attach\u00e9s \u00e0 notre r\u00e9gion par responsabilit\u00e9.<\/h2>                                                                   \r\n\r\n                                                                <p class=\"normal-font\"><p>EFAFLEX est une entreprise familiale traditionnelle de taille moyenne. Nous sommes fiers de nos origines et pr\u00e9f\u00e9rons donc \u00e9galement des fournisseurs r\u00e9gionaux et locaux, p. ex. pour les mati\u00e8res premi\u00e8res telles que l\u2019aluminium et l\u2019acier, de produits \u00e9lectriques et de mat\u00e9riaux d\u2019emballage.<\/p>\n<\/p>\r\n                                                            <\/div>\r\n                                                            <div class=\"button-box\">\r\n                                                                                                                                                                                                                                                              <\/div>\r\n                                                        <\/div>\r\n                                                                                                                                                <\/div>\r\n                                        <\/div>\r\n                                    <\/div>\r\n                                <\/div>\r\n                            <\/div>\r\n\r\n                                    \r\n            \r\n\r\n        \r\n\r\n\r\n        <\/div>\r\n<\/div>\r\n\r\n<style>\r\n    .bild-text-modul {\r\n        scroll-margin-top: 143px;\r\n    }\r\n<\/style>\n\n\n<div style=\"height:100px\" aria-hidden=\"true\" class=\"wp-block-spacer\"><\/div>\n\n\n<div id=\"contact-modul-block_068935b3c04a34a8d57c93a3d6509e9f\" class=\"contact-modul contact-modul-fifty\">\r\n    <div class=\"inner\">\r\n        <div class=\"custom-flex-box\">\r\n            <div class=\"flex-box-fifty\">\r\n                                                            <h2>Vous avez des questions ?<\/h2>\r\n                                                                        <\/div>\r\n            <div class=\"flex-box-fifty contact-modul--contact\">\r\n                                                            <span>Prenez contact avec nous.<\/span>\r\n                        <p>Nous sommes l\u00e0 pour vous!<\/p>\r\n                                                                            <a class=\"load-more-button\" href=\"https:\/\/www.efaflex.be\/fr\/contact\/\" target=\"\">Vers le formulaire de contact en ligne<\/a>\r\n                                                                        <\/div>\r\n        <\/div>\r\n    <\/div>\r\n<\/div>\n\n\n<div style=\"height:100px\" aria-hidden=\"true\" class=\"wp-block-spacer\"><\/div>\n\n\n<div class=\"inner\">\r\n    <div id=\"bild-text-modul-1-3-block_75e5be01c354223bf55dd2d09f494647\" class=\"themen-container custom-flex-box\">\r\n                                    <div class=\"thema-box flex-box-thirty\">\r\n                                            <div class=\"bild-box\">\r\n                                                                                                                    <img decoding=\"async\" width=\"1920\" height=\"1280\" src=\"https:\/\/www.efaflex.be\/wp-content\/uploads\/sites\/6\/2023\/01\/EFAFLEX_Voegele_177.jpg\" class=\"attachment-thementease-thumbnail size-thementease-thumbnail\" alt=\"\" srcset=\"https:\/\/www.efaflex.be\/wp-content\/uploads\/sites\/6\/2023\/01\/EFAFLEX_Voegele_177.jpg 1920w, https:\/\/www.efaflex.be\/wp-content\/uploads\/sites\/6\/2023\/01\/EFAFLEX_Voegele_177-300x200.jpg 300w, https:\/\/www.efaflex.be\/wp-content\/uploads\/sites\/6\/2023\/01\/EFAFLEX_Voegele_177-1024x683.jpg 1024w, https:\/\/www.efaflex.be\/wp-content\/uploads\/sites\/6\/2023\/01\/EFAFLEX_Voegele_177-768x512.jpg 768w, https:\/\/www.efaflex.be\/wp-content\/uploads\/sites\/6\/2023\/01\/EFAFLEX_Voegele_177-1536x1024.jpg 1536w, https:\/\/www.efaflex.be\/wp-content\/uploads\/sites\/6\/2023\/01\/EFAFLEX_Voegele_177-382x254.jpg 382w\" sizes=\"(max-width: 1920px) 100vw, 1920px\" \/>                                                    <\/div>\r\n                                            \r\n                                                                <h2 class=\"headline-two\">\r\n                                                        Produits.                        <\/h2>\r\n                    \r\n                        <p class=\"normal-font\">Nos portes haut de gamme sont rapides et efficaces, s\u00fbres et fiables. Gr\u00e2ce \u00e0 notre d\u00e9partement recherche et d\u00e9veloppement, nous sommes en mesure de trouver la solution parfaite pour r\u00e9pondre aux besoins des clients et de la concr\u00e9tiser.<\/p>\r\n                                                                                                                                                                                                        <a href=\"https:\/\/www.efaflex.be\/fr\/produits\/\" class=\"load-more-button\">En savoir plus<\/a>\r\n                                                                                                                                    <\/div>\r\n                            <div class=\"thema-box flex-box-thirty\">\r\n                                            <div class=\"bild-box\">\r\n                                                                                                                    <img decoding=\"async\" width=\"516\" height=\"306\" src=\"https:\/\/www.efaflex.be\/wp-content\/uploads\/sites\/6\/2022\/07\/qualiaet-kontrolle-unternehmen-link-efaflex.jpg\" class=\"attachment-thementease-thumbnail size-thementease-thumbnail\" alt=\"\" srcset=\"https:\/\/www.efaflex.be\/wp-content\/uploads\/sites\/6\/2022\/07\/qualiaet-kontrolle-unternehmen-link-efaflex.jpg 516w, https:\/\/www.efaflex.be\/wp-content\/uploads\/sites\/6\/2022\/07\/qualiaet-kontrolle-unternehmen-link-efaflex-300x178.jpg 300w\" sizes=\"(max-width: 516px) 100vw, 516px\" \/>                                                    <\/div>\r\n                                            \r\n                                                                <h2 class=\"headline-two\">\r\n                                                        Qualit\u00e9                        <\/h2>\r\n                    \r\n                        <p class=\"normal-font\">Nous proposons des produits de qualit\u00e9 premium. Car seule la qualit\u00e9 sup\u00e9rieure garantit la durabilit\u00e9 et la fiabilit\u00e9 lors de l\u2019utilisation de nos portes. Avec les portes EFAFLEX, vous achetez des produits de qualit\u00e9 vite amortis.<\/p>\r\n                                                                                                                                                                                                        <a href=\"https:\/\/www.efaflex.be\/fr\/entreprise\/qualite\/\" class=\"load-more-button\">En savoir plus<\/a>\r\n                                                                                                                                    <\/div>\r\n                        <\/div>\r\n<\/div>\r\n\n\n\n<div style=\"height:100px\" aria-hidden=\"true\" class=\"wp-block-spacer\"><\/div>\n","protected":false},"excerpt":{"rendered":"","protected":false},"author":4,"featured_media":0,"parent":12510,"menu_order":5,"comment_status":"closed","ping_status":"closed","template":"","meta":{"_acf_changed":false,"footnotes":""},"class_list":["post-12469","page","type-page","status-publish","hentry"],"acf":[],"_links":{"self":[{"href":"https:\/\/www.efaflex.be\/fr\/wp-json\/wp\/v2\/pages\/12469","targetHints":{"allow":["GET"]}}],"collection":[{"href":"https:\/\/www.efaflex.be\/fr\/wp-json\/wp\/v2\/pages"}],"about":[{"href":"https:\/\/www.efaflex.be\/fr\/wp-json\/wp\/v2\/types\/page"}],"author":[{"embeddable":true,"href":"https:\/\/www.efaflex.be\/fr\/wp-json\/wp\/v2\/users\/4"}],"replies":[{"embeddable":true,"href":"https:\/\/www.efaflex.be\/fr\/wp-json\/wp\/v2\/comments?post=12469"}],"version-history":[{"count":19,"href":"https:\/\/www.efaflex.be\/fr\/wp-json\/wp\/v2\/pages\/12469\/revisions"}],"predecessor-version":[{"id":19749,"href":"https:\/\/www.efaflex.be\/fr\/wp-json\/wp\/v2\/pages\/12469\/revisions\/19749"}],"up":[{"embeddable":true,"href":"https:\/\/www.efaflex.be\/fr\/wp-json\/wp\/v2\/pages\/12510"}],"wp:attachment":[{"href":"https:\/\/www.efaflex.be\/fr\/wp-json\/wp\/v2\/media?parent=12469"}],"curies":[{"name":"wp","href":"https:\/\/api.w.org\/{rel}","templated":true}]}}