{"id":12388,"date":"2022-05-10T11:38:41","date_gmt":"2022-05-10T09:38:41","guid":{"rendered":"https:\/\/www.efaflex.be\/download-area\/"},"modified":"2025-07-28T14:20:14","modified_gmt":"2025-07-28T12:20:14","slug":"download-area","status":"publish","type":"page","link":"https:\/\/www.efaflex.be\/fr\/download-area\/","title":{"rendered":"Espace de t\u00e9l\u00e9chargement"},"content":{"rendered":"\r\n\r\n<div id=\"breadcrump-block_84d901777f594cdee747cad924c6c689\" class=\"inner\">\r\n        <nav class=\"breadcrumb\"><a href=\"https:\/\/www.efaflex.be\/fr\/\">Page d&#8217;accueil<\/a> \/ <span class=\"current-page\">Page<\/span><\/nav>    <\/div>\n\n\n<div style=\"height:100px\" aria-hidden=\"true\" class=\"wp-block-spacer\"><\/div>\n\n\n\r\n\r\n<div id=\"textmodul-3-spalten-block_fc2b415197205296f189deb39c56ee6e\" class=\"textmodul-3-spalten\">\r\n    <div class=\"inner\">\r\n        <div class=\"custom-flex-box\">\r\n                            <h1 class=\"flex-box-thirty break headline-two\">Textes d\u2019appels d\u2019offres, r\u00e9f\u00e9rences, brochures produits.<\/h1>                        <div class=\"flex-box-thirty\"><p>Dans notre espace de t\u00e9l\u00e9chargement clairement structur\u00e9, nous mettons \u00e0 votre disposition du mat\u00e9riel suppl\u00e9mentaire complet\u00a0: brochures produits, modes d\u2019emploi et d\u00e9pliants sur les portes rapides et nos syst\u00e8mes de s\u00e9curit\u00e9, conditions de montage et textes d\u2019appels d\u2019offres de nos produits.<\/p>\n<\/div>\r\n            <div class=\"flex-box-thirty\"><\/div>\r\n        <\/div>\r\n    <\/div>\r\n<\/div>\r\n\n\n\n<div style=\"height:100px\" aria-hidden=\"true\" class=\"wp-block-spacer\"><\/div>\n\n\n\r\n<div id=\"bild-modul-1-3-quicklink-block_f65d49330b7339276f5d7295f9b3f874\" class=\"bild-modul-1-3-quicklink\">\r\n    <div class=\"inner\">\r\n                <div class=\"custom-flex-box\">\r\n                                                                                                                                    <div class=\"flex-box-thirty bild-modul\">\r\n                                                                                                                    <a class=\"bild-link\" href=\"https:\/\/www.efaflex.be\/fr\/service\/textes-dappels-doffres\/\">\r\n                                                                                                                                                                                                            <img decoding=\"async\" width=\"520\" height=\"720\" src=\"https:\/\/www.efaflex.be\/wp-content\/uploads\/sites\/6\/2022\/07\/ausschreibungstexte-service-efaflex-header-520x720.jpg\" class=\"attachment-bild-modul-1-3-quicklink size-bild-modul-1-3-quicklink\" alt=\"\" \/>                                                                                <h2>Textes d\u2019appels d\u2019offres<\/h2>\r\n                                                                                    <div class=\"bild-modul-1-3-quicklink--linktext load-more-button\">\r\n                                               En savoir plus                                            <\/div>\r\n                                                                                <div class=\"bild-modul-1-3-quicklink--background\"><\/div>\r\n                                                                                         <\/a>\r\n                                                                            <\/div>\r\n                                                    \r\n                                                                                                                                                <div class=\"flex-box-thirty bild-modul\">\r\n                                                                                                                    <a class=\"bild-link\" href=\"https:\/\/www.efaflex.be\/fr\/solutions\/references\/\">\r\n                                                                                                                                                                                                            <img decoding=\"async\" width=\"517\" height=\"720\" src=\"https:\/\/www.efaflex.be\/wp-content\/uploads\/sites\/6\/2022\/07\/referenzen.jpg\" class=\"attachment-bild-modul-1-3-quicklink size-bild-modul-1-3-quicklink\" alt=\"\" srcset=\"https:\/\/www.efaflex.be\/wp-content\/uploads\/sites\/6\/2022\/07\/referenzen.jpg 517w, https:\/\/www.efaflex.be\/wp-content\/uploads\/sites\/6\/2022\/07\/referenzen-215x300.jpg 215w\" sizes=\"(max-width: 517px) 100vw, 517px\" \/>                                                                                <h2>R\u00e9f\u00e9rences<\/h2>\r\n                                                                                    <div class=\"bild-modul-1-3-quicklink--linktext load-more-button\">\r\n                                               En savoir plus                                            <\/div>\r\n                                                                                <div class=\"bild-modul-1-3-quicklink--background\"><\/div>\r\n                                                                                         <\/a>\r\n                                                                            <\/div>\r\n                                                    \r\n                                                                                                                                                <div class=\"flex-box-thirty bild-modul\">\r\n                                                                                                                    <a class=\"bild-link\" href=\"https:\/\/www.efaflex.be\/fr\/download-area\/brochures\/\">\r\n                                                                                                                                                                                                            <img decoding=\"async\" width=\"520\" height=\"720\" src=\"https:\/\/www.efaflex.be\/wp-content\/uploads\/sites\/6\/2022\/07\/titelbild-welt-der-tore-prospekt-520x720.jpg\" class=\"attachment-bild-modul-1-3-quicklink size-bild-modul-1-3-quicklink\" alt=\"\" \/>                                                                                <h2>Brochures<\/h2>\r\n                                                                                    <div class=\"bild-modul-1-3-quicklink--linktext load-more-button\">\r\n                                               En savoir plus                                            <\/div>\r\n                                                                                <div class=\"bild-modul-1-3-quicklink--background\"><\/div>\r\n                                                                                         <\/a>\r\n                                                                            <\/div>\r\n                                                    \r\n                                                            <\/div>\r\n    <\/div>\r\n<\/div>\n\n\n<div style=\"height:100px\" aria-hidden=\"true\" class=\"wp-block-spacer\"><\/div>\n","protected":false},"excerpt":{"rendered":"","protected":false},"author":4,"featured_media":0,"parent":0,"menu_order":46,"comment_status":"closed","ping_status":"closed","template":"","meta":{"_acf_changed":false,"footnotes":""},"class_list":["post-12388","page","type-page","status-publish","hentry"],"acf":[],"_links":{"self":[{"href":"https:\/\/www.efaflex.be\/fr\/wp-json\/wp\/v2\/pages\/12388","targetHints":{"allow":["GET"]}}],"collection":[{"href":"https:\/\/www.efaflex.be\/fr\/wp-json\/wp\/v2\/pages"}],"about":[{"href":"https:\/\/www.efaflex.be\/fr\/wp-json\/wp\/v2\/types\/page"}],"author":[{"embeddable":true,"href":"https:\/\/www.efaflex.be\/fr\/wp-json\/wp\/v2\/users\/4"}],"replies":[{"embeddable":true,"href":"https:\/\/www.efaflex.be\/fr\/wp-json\/wp\/v2\/comments?post=12388"}],"version-history":[{"count":4,"href":"https:\/\/www.efaflex.be\/fr\/wp-json\/wp\/v2\/pages\/12388\/revisions"}],"predecessor-version":[{"id":18141,"href":"https:\/\/www.efaflex.be\/fr\/wp-json\/wp\/v2\/pages\/12388\/revisions\/18141"}],"wp:attachment":[{"href":"https:\/\/www.efaflex.be\/fr\/wp-json\/wp\/v2\/media?parent=12388"}],"curies":[{"name":"wp","href":"https:\/\/api.w.org\/{rel}","templated":true}]}}